{"id":171,"date":"2024-02-15T12:26:41","date_gmt":"2024-02-15T12:26:41","guid":{"rendered":"https:\/\/wehrgmbh.de\/?page_id=171"},"modified":"2025-07-31T13:36:04","modified_gmt":"2025-07-31T13:36:04","slug":"ueber-uns","status":"publish","type":"page","link":"https:\/\/wehrgmbh.de\/?page_id=171","title":{"rendered":"\u00dcber uns"},"content":{"rendered":"<p>[et_pb_section fb_built=&#8220;1&#8243; _builder_version=&#8220;4.24.0&#8243; _module_preset=&#8220;default&#8220; background_image=&#8220;https:\/\/wehrgmbh.de\/wp-content\/uploads\/2024\/02\/image_header_m4.jpg&#8220; module_alignment=&#8220;center&#8220; min_height=&#8220;500px&#8220; min_height_tablet=&#8220;340px&#8220; min_height_phone=&#8220;340px&#8220; min_height_last_edited=&#8220;on|phone&#8220; global_colors_info=&#8220;{}&#8220;][et_pb_row _builder_version=&#8220;4.24.0&#8243; _module_preset=&#8220;default&#8220; global_colors_info=&#8220;{}&#8220;][et_pb_column type=&#8220;4_4&#8243; _builder_version=&#8220;4.24.0&#8243; _module_preset=&#8220;default&#8220; global_colors_info=&#8220;{}&#8220;][et_pb_text _builder_version=&#8220;4.24.0&#8243; _module_preset=&#8220;default&#8220; header_text_color=&#8220;#FFFFFF&#8220; header_font_size=&#8220;60px&#8220; header_line_height=&#8220;1.6em&#8220; header_font_size_tablet=&#8220;46px&#8220; header_font_size_phone=&#8220;24px&#8220; header_font_size_last_edited=&#8220;on|phone&#8220; global_colors_info=&#8220;{}&#8220;]<\/p>\n<h1 style=\"text-align: center;\">Unternehmen mit Tradition.<\/h1>\n<h1 style=\"text-align: center;\">Wehr Nutz- und Schlachtviehhandel.<\/h1>\n<p>[\/et_pb_text][\/et_pb_column][\/et_pb_row][\/et_pb_section][et_pb_section fb_built=&#8220;1&#8243; _builder_version=&#8220;4.24.0&#8243; _module_preset=&#8220;default&#8220; background_color=&#8220;#FFFFFF&#8220; custom_padding=&#8220;0px||0px||false|false&#8220; global_colors_info=&#8220;{}&#8220;][et_pb_row column_structure=&#8220;1_5,1_5,1_5,1_5,1_5&#8243; disabled_on=&#8220;on|on|off&#8220; _builder_version=&#8220;4.27.4&#8243; _module_preset=&#8220;default&#8220; custom_padding=&#8220;||27px|||&#8220; hover_enabled=&#8220;0&#8243; global_colors_info=&#8220;{}&#8220; sticky_enabled=&#8220;0&#8243;][et_pb_column type=&#8220;1_5&#8243; _builder_version=&#8220;4.24.0&#8243; _module_preset=&#8220;default&#8220; link_option_url=&#8220;https:\/\/wehrgmbh.de\/#nutzvieh&#8220; global_colors_info=&#8220;{}&#8220;][et_pb_image src=&#8220;https:\/\/wehrgmbh.de\/wp-content\/uploads\/2024\/02\/image_navi_120px-2024-nutzvieh-b.jpg&#8220; title_text=&#8220;image_navi_120px-2024-nutzvieh-a&#8220; _builder_version=&#8220;4.24.0&#8243; _module_preset=&#8220;535bc379-d7af-4000-a048-5b0deb0f695d&#8220; global_colors_info=&#8220;{}&#8220; src__hover_enabled=&#8220;on|hover&#8220; src__hover=&#8220;https:\/\/wehrgmbh.de\/wp-content\/uploads\/2024\/02\/image_navi_120px-2024-nutzvieh-a.jpg&#8220;][\/et_pb_image][et_pb_text _builder_version=&#8220;4.24.0&#8243; _module_preset=&#8220;01757406-c1d7-4578-aae3-89572954e97a&#8220; global_colors_info=&#8220;{}&#8220;]<\/p>\n<p>Nutz- und Zuchtvieh<\/p>\n<p>[\/et_pb_text][\/et_pb_column][et_pb_column type=&#8220;1_5&#8243; _builder_version=&#8220;4.24.0&#8243; _module_preset=&#8220;default&#8220; link_option_url=&#8220;https:\/\/wehrgmbh.de\/#schlachtvieh&#8220; global_colors_info=&#8220;{}&#8220;][et_pb_image src=&#8220;https:\/\/wehrgmbh.de\/wp-content\/uploads\/2024\/02\/image_navi_120px-2024-m3b.jpg&#8220; title_text=&#8220;image_navi_120px-2024-m3a&#8220; url=&#8220;https:\/\/wehrgmbh.de\/#schlachtvieh&#8220; _builder_version=&#8220;4.24.0&#8243; _module_preset=&#8220;535bc379-d7af-4000-a048-5b0deb0f695d&#8220; global_colors_info=&#8220;{}&#8220; src__hover_enabled=&#8220;on|hover&#8220; src__hover=&#8220;https:\/\/wehrgmbh.de\/wp-content\/uploads\/2024\/02\/image_navi_120px-2024-m3a.jpg&#8220;][\/et_pb_image][et_pb_text _builder_version=&#8220;4.24.0&#8243; _module_preset=&#8220;01757406-c1d7-4578-aae3-89572954e97a&#8220; global_colors_info=&#8220;{}&#8220;]<\/p>\n<p>Schlachtvieh<\/p>\n<p>[\/et_pb_text][\/et_pb_column][et_pb_column type=&#8220;1_5&#8243; _builder_version=&#8220;4.24.0&#8243; _module_preset=&#8220;default&#8220; link_option_url=&#8220;https:\/\/wehrgmbh.de\/#angebote&#8220; global_colors_info=&#8220;{}&#8220;][et_pb_image src=&#8220;https:\/\/wehrgmbh.de\/wp-content\/uploads\/2024\/02\/image_navi_120px-2024-m1b.jpg&#8220; title_text=&#8220;image_navi_120px-2024-m1a&#8220; _builder_version=&#8220;4.24.0&#8243; _module_preset=&#8220;535bc379-d7af-4000-a048-5b0deb0f695d&#8220; global_colors_info=&#8220;{}&#8220; src__hover_enabled=&#8220;on|hover&#8220; src__hover=&#8220;https:\/\/wehrgmbh.de\/wp-content\/uploads\/2024\/02\/image_navi_120px-2024-m1a.jpg&#8220;][\/et_pb_image][et_pb_text _builder_version=&#8220;4.24.0&#8243; _module_preset=&#8220;01757406-c1d7-4578-aae3-89572954e97a&#8220; global_colors_info=&#8220;{}&#8220;]<\/p>\n<p>Angebote<\/p>\n<p>[\/et_pb_text][\/et_pb_column][et_pb_column type=&#8220;1_5&#8243; _builder_version=&#8220;4.24.0&#8243; _module_preset=&#8220;default&#8220; link_option_url=&#8220;https:\/\/wehrgmbh.de\/#aktuelles&#8220; global_colors_info=&#8220;{}&#8220;][et_pb_image src=&#8220;https:\/\/wehrgmbh.de\/wp-content\/uploads\/2024\/02\/image_navi_120px-2024-aktuell-b.jpg&#8220; title_text=&#8220;image_navi_120px-2024-aktuell-a&#8220; _builder_version=&#8220;4.24.0&#8243; _module_preset=&#8220;535bc379-d7af-4000-a048-5b0deb0f695d&#8220; global_colors_info=&#8220;{}&#8220; src__hover_enabled=&#8220;on|hover&#8220; src__hover=&#8220;https:\/\/wehrgmbh.de\/wp-content\/uploads\/2024\/02\/image_navi_120px-2024-aktuell-a.jpg&#8220;][\/et_pb_image][et_pb_text _builder_version=&#8220;4.24.0&#8243; _module_preset=&#8220;01757406-c1d7-4578-aae3-89572954e97a&#8220; global_colors_info=&#8220;{}&#8220;]<\/p>\n<p>Aktuelles<\/p>\n<p>[\/et_pb_text][\/et_pb_column][et_pb_column type=&#8220;1_5&#8243; _builder_version=&#8220;4.27.4&#8243; _module_preset=&#8220;default&#8220; hover_enabled=&#8220;0&#8243; global_colors_info=&#8220;{}&#8220; sticky_enabled=&#8220;0&#8243;][et_pb_image src=&#8220;https:\/\/wehrgmbh.de\/wp-content\/uploads\/2024\/02\/image_navi_120px-2024-fuhrpark-a.jpg&#8220; title_text=&#8220;image_navi_120px-2024-fuhrpark-a&#8220; src_last_edited=&#8220;off|desktop&#8220; _builder_version=&#8220;4.27.4&#8243; _module_preset=&#8220;535bc379-d7af-4000-a048-5b0deb0f695d&#8220; hover_enabled=&#8220;0&#8243; global_colors_info=&#8220;{}&#8220; src__hover_enabled=&#8220;on|hover&#8220; src__hover=&#8220;https:\/\/wehrgmbh.de\/wp-content\/uploads\/2024\/02\/image_navi_120px-2024-fuhrpark-a.jpg&#8220; sticky_enabled=&#8220;0&#8243;][\/et_pb_image][et_pb_text _builder_version=&#8220;4.24.0&#8243; _module_preset=&#8220;01757406-c1d7-4578-aae3-89572954e97a&#8220; global_colors_info=&#8220;{}&#8220;]<\/p>\n<p>\u00dcber uns<\/p>\n<p>[\/et_pb_text][\/et_pb_column][\/et_pb_row][\/et_pb_section][et_pb_section fb_built=&#8220;1&#8243; _builder_version=&#8220;4.24.0&#8243; _module_preset=&#8220;default&#8220; background_color=&#8220;RGBA(255,255,255,0)&#8220; custom_padding=&#8220;0px||0px||false|false&#8220; global_colors_info=&#8220;{}&#8220;][et_pb_row _builder_version=&#8220;4.24.0&#8243; _module_preset=&#8220;default&#8220; background_color=&#8220;#a56600&#8243; border_radii=&#8220;off|16px|16px||&#8220; global_colors_info=&#8220;{}&#8220;][et_pb_column type=&#8220;4_4&#8243; _builder_version=&#8220;4.24.0&#8243; _module_preset=&#8220;default&#8220; global_colors_info=&#8220;{}&#8220;][et_pb_text _builder_version=&#8220;4.24.0&#8243; _module_preset=&#8220;default&#8220; header_3_text_color=&#8220;#FFFFFF&#8220; header_3_font_size=&#8220;26px&#8220; header_3_line_height=&#8220;1.4em&#8220; background_color=&#8220;RGBA(255,255,255,0)&#8220; custom_padding=&#8220;17px||9px||false|false&#8220; custom_padding_tablet=&#8220;17px||9px||false|false&#8220; custom_padding_phone=&#8220;17px||9px||false|false&#8220; custom_padding_last_edited=&#8220;on|desktop&#8220; header_3_font_size_tablet=&#8220;18px&#8220; header_3_font_size_phone=&#8220;18px&#8220; header_3_font_size_last_edited=&#8220;on|phone&#8220; border_radii=&#8220;on|14px|14px|14px|14px&#8220; global_colors_info=&#8220;{}&#8220;]<\/p>\n<h3 style=\"text-align: center;\">Deutschlandweiter An- und Verkauf, sowie Transport von lebendem Vieh.<\/h3>\n<p>[\/et_pb_text][\/et_pb_column][\/et_pb_row][\/et_pb_section][et_pb_section fb_built=&#8220;1&#8243; _builder_version=&#8220;4.24.0&#8243; _module_preset=&#8220;default&#8220; background_color=&#8220;#d8d8d8&#8243; custom_padding=&#8220;0px||10px||false|false&#8220; animation_style=&#8220;fold&#8220; animation_direction=&#8220;top&#8220; global_colors_info=&#8220;{}&#8220;][et_pb_row _builder_version=&#8220;4.24.0&#8243; _module_preset=&#8220;default&#8220; background_image=&#8220;https:\/\/wehrgmbh.de\/wp-content\/uploads\/2024\/02\/image_header_m5.jpg&#8220; global_colors_info=&#8220;{}&#8220;][et_pb_column type=&#8220;4_4&#8243; _builder_version=&#8220;4.24.0&#8243; _module_preset=&#8220;default&#8220; global_colors_info=&#8220;{}&#8220;][et_pb_text _builder_version=&#8220;4.24.0&#8243; _module_preset=&#8220;939e14b0-d9f0-45f7-9c44-b42b0fd0f2f6&#8243; global_colors_info=&#8220;{}&#8220;]<\/p>\n<h1>Unser Fuhrpark.<\/h1>\n<p>[\/et_pb_text][\/et_pb_column][\/et_pb_row][et_pb_row column_structure=&#8220;1_2,1_2&#8243; _builder_version=&#8220;4.24.0&#8243; _module_preset=&#8220;default&#8220; global_colors_info=&#8220;{}&#8220;][et_pb_column type=&#8220;1_2&#8243; _builder_version=&#8220;4.24.0&#8243; _module_preset=&#8220;default&#8220; global_colors_info=&#8220;{}&#8220;][et_pb_image src=&#8220;https:\/\/wehrgmbh.de\/wp-content\/uploads\/2024\/02\/wehr-fuhrpark-600x350px.jpg&#8220; title_text=&#8220;wehr-fuhrpark-600x350px&#8220; align=&#8220;center&#8220; align_tablet=&#8220;&#8220; align_phone=&#8220;&#8220; align_last_edited=&#8220;on|tablet&#8220; _builder_version=&#8220;4.24.0&#8243; _module_preset=&#8220;default&#8220; global_colors_info=&#8220;{}&#8220;][\/et_pb_image][\/et_pb_column][et_pb_column type=&#8220;1_2&#8243; _builder_version=&#8220;4.24.0&#8243; _module_preset=&#8220;default&#8220; global_colors_info=&#8220;{}&#8220;][et_pb_text _builder_version=&#8220;4.24.0&#8243; _module_preset=&#8220;62d34c7d-898d-4ba5-b959-9f6f03e3b9f0&#8243; global_colors_info=&#8220;{}&#8220;]<\/p>\n<p>Wir transportieren lebende Tiere und ein hohes Ma\u00df an Sorgfalt beim Transport ist uns ein Anliegen. Unser moderner Fuhrpark ist daf\u00fcr bestens ger\u00fcstet.<\/p>\n<p>Wir transportieren artgerecht, gleich ob Einzeltier oder gro\u00dfe St\u00fcckzahlen. Wir planen unsere Touren so, dass die Tiere nur m\u00f6glichst kurz in den Fahrzeugen sind.<\/p>\n<p><img loading=\"lazy\" decoding=\"async\" src=\"https:\/\/wehrgmbh.de\/wp-content\/uploads\/2024\/02\/Wehr-Logos_Zertifizierung_72dpi_240px.png\" width=\"240\" height=\"106\" alt=\"\" class=\"wp-image-181 alignnone size-full\" \/><\/p>\n<p>[\/et_pb_text][\/et_pb_column][\/et_pb_row][\/et_pb_section][et_pb_section fb_built=&#8220;1&#8243; _builder_version=&#8220;4.24.0&#8243; _module_preset=&#8220;default&#8220; custom_padding=&#8220;0px||10px||false|false&#8220; animation_style=&#8220;fold&#8220; animation_direction=&#8220;top&#8220; animation_delay=&#8220;500ms&#8220; global_colors_info=&#8220;{}&#8220;][et_pb_row _builder_version=&#8220;4.24.0&#8243; _module_preset=&#8220;default&#8220; background_image=&#8220;https:\/\/wehrgmbh.de\/wp-content\/uploads\/2024\/02\/image_header_m4.jpg&#8220; global_colors_info=&#8220;{}&#8220;][et_pb_column type=&#8220;4_4&#8243; _builder_version=&#8220;4.24.0&#8243; _module_preset=&#8220;default&#8220; global_colors_info=&#8220;{}&#8220;][et_pb_text _builder_version=&#8220;4.24.0&#8243; _module_preset=&#8220;939e14b0-d9f0-45f7-9c44-b42b0fd0f2f6&#8243; global_colors_info=&#8220;{}&#8220;]<\/p>\n<h1>Unsere Mitarbeiter<\/h1>\n<p>[\/et_pb_text][\/et_pb_column][\/et_pb_row][et_pb_row column_structure=&#8220;1_4,1_4,1_4,1_4&#8243; _builder_version=&#8220;4.24.0&#8243; _module_preset=&#8220;default&#8220; global_colors_info=&#8220;{}&#8220;][et_pb_column type=&#8220;1_4&#8243; _builder_version=&#8220;4.24.0&#8243; _module_preset=&#8220;default&#8220; global_colors_info=&#8220;{}&#8220;][et_pb_icon font_icon=&#8220;&#xf007;||fa||900&#8243; _builder_version=&#8220;4.27.4&#8243; _module_preset=&#8220;default&#8220; filter_hue_rotate=&#8220;221deg&#8220; filter_saturate=&#8220;200%&#8220; filter_brightness=&#8220;184%&#8220; filter_contrast=&#8220;17%&#8220; filter_opacity=&#8220;63%&#8220; global_colors_info=&#8220;{}&#8220;][\/et_pb_icon][et_pb_text _builder_version=&#8220;4.27.2&#8243; _module_preset=&#8220;2ab644a2-19c0-400f-9058-fafb349addf9&#8243; global_colors_info=&#8220;{}&#8220;]<\/p>\n<h3><strong>Anne Wehr<\/strong><\/h3>\n<p>Gesch\u00e4ftsf\u00fchrung<br \/>Einkauf\u00a0 |\u00a0 Logistik<\/p>\n<p><strong>Tel: 0151|41 43 13 12<\/strong><\/p>\n<p>anne.wehr<br \/>@wehrgmbh.de<\/p>\n<p>[\/et_pb_text][\/et_pb_column][et_pb_column type=&#8220;1_4&#8243; _builder_version=&#8220;4.24.0&#8243; _module_preset=&#8220;default&#8220; global_colors_info=&#8220;{}&#8220;][et_pb_icon font_icon=&#8220;&#xf007;||fa||900&#8243; _builder_version=&#8220;4.27.4&#8243; _module_preset=&#8220;default&#8220; filter_hue_rotate=&#8220;221deg&#8220; filter_saturate=&#8220;200%&#8220; filter_brightness=&#8220;184%&#8220; filter_contrast=&#8220;17%&#8220; filter_opacity=&#8220;63%&#8220; global_colors_info=&#8220;{}&#8220;][\/et_pb_icon][et_pb_text _builder_version=&#8220;4.27.2&#8243; _module_preset=&#8220;2ab644a2-19c0-400f-9058-fafb349addf9&#8243; global_colors_info=&#8220;{}&#8220;]<\/p>\n<h3><strong>Hans-Georg Wehr<\/strong><\/h3>\n<p>Gesch\u00e4ftsf\u00fchrung<br \/>Einkauf\u00a0 |\u00a0 Logistik<\/p>\n<p><strong>Tel: 0171|77 00 88 5<\/strong><\/p>\n<p>hansgeorg.wehr<br \/>@wehrgmbh.de<\/p>\n<p>[\/et_pb_text][\/et_pb_column][et_pb_column type=&#8220;1_4&#8243; _builder_version=&#8220;4.24.0&#8243; _module_preset=&#8220;default&#8220; global_colors_info=&#8220;{}&#8220;][et_pb_icon font_icon=&#8220;&#xf007;||fa||900&#8243; _builder_version=&#8220;4.27.4&#8243; _module_preset=&#8220;default&#8220; filter_hue_rotate=&#8220;221deg&#8220; filter_saturate=&#8220;200%&#8220; filter_brightness=&#8220;184%&#8220; filter_contrast=&#8220;17%&#8220; filter_opacity=&#8220;63%&#8220; global_colors_info=&#8220;{}&#8220;][\/et_pb_icon][et_pb_text _builder_version=&#8220;4.27.2&#8243; _module_preset=&#8220;2ab644a2-19c0-400f-9058-fafb349addf9&#8243; global_colors_info=&#8220;{}&#8220;]<\/p>\n<h3><strong>Laura Oberender<br \/><\/strong><\/h3>\n<p>Einkauf<\/p>\n<p><strong>Tel: 0171\/49 04 78 6<br \/><\/strong><\/p>\n<p>laura.oberender<br \/>@wehrgmbh.de<\/p>\n<p>[\/et_pb_text][\/et_pb_column][et_pb_column type=&#8220;1_4&#8243; _builder_version=&#8220;4.24.0&#8243; _module_preset=&#8220;default&#8220; global_colors_info=&#8220;{}&#8220;][et_pb_icon font_icon=&#8220;&#xf007;||fa||900&#8243; _builder_version=&#8220;4.27.4&#8243; _module_preset=&#8220;default&#8220; filter_hue_rotate=&#8220;221deg&#8220; filter_saturate=&#8220;200%&#8220; filter_brightness=&#8220;184%&#8220; filter_contrast=&#8220;17%&#8220; filter_opacity=&#8220;63%&#8220; global_colors_info=&#8220;{}&#8220;][\/et_pb_icon][et_pb_text _builder_version=&#8220;4.27.2&#8243; _module_preset=&#8220;2ab644a2-19c0-400f-9058-fafb349addf9&#8243; global_colors_info=&#8220;{}&#8220;]<\/p>\n<h3><strong>Annette Neumann<\/strong><\/h3>\n<p>Einkauf<\/p>\n<p><strong>Tel: 0171\/41 47 19 1<\/strong><\/p>\n<p>annette.neumann<br \/>@wehrgmbh.de<\/p>\n<p>[\/et_pb_text][\/et_pb_column][\/et_pb_row][\/et_pb_section][et_pb_section fb_built=&#8220;1&#8243; _builder_version=&#8220;4.24.0&#8243; _module_preset=&#8220;default&#8220; background_color=&#8220;#d8d8d8&#8243; custom_padding=&#8220;0px||10px||false|false&#8220; animation_style=&#8220;fold&#8220; animation_direction=&#8220;top&#8220; animation_delay=&#8220;500ms&#8220; global_colors_info=&#8220;{}&#8220;][et_pb_row _builder_version=&#8220;4.24.0&#8243; _module_preset=&#8220;default&#8220; background_image=&#8220;https:\/\/wehrgmbh.de\/wp-content\/uploads\/2024\/02\/image_header_m3.jpg&#8220; global_colors_info=&#8220;{}&#8220;][et_pb_column type=&#8220;4_4&#8243; _builder_version=&#8220;4.24.0&#8243; _module_preset=&#8220;default&#8220; global_colors_info=&#8220;{}&#8220;][et_pb_text _builder_version=&#8220;4.24.0&#8243; _module_preset=&#8220;939e14b0-d9f0-45f7-9c44-b42b0fd0f2f6&#8243; custom_margin=&#8220;98px||70px||false|false&#8220; global_colors_info=&#8220;{}&#8220;]<\/p>\n<h1>Firmengeschichte.<\/h1>\n<p>[\/et_pb_text][\/et_pb_column][\/et_pb_row][et_pb_row column_structure=&#8220;2_5,3_5&#8243; _builder_version=&#8220;4.24.0&#8243; _module_preset=&#8220;default&#8220; global_colors_info=&#8220;{}&#8220;][et_pb_column type=&#8220;2_5&#8243; _builder_version=&#8220;4.24.0&#8243; _module_preset=&#8220;default&#8220; global_colors_info=&#8220;{}&#8220;][et_pb_image src=&#8220;https:\/\/wehrgmbh.de\/wp-content\/uploads\/2024\/02\/wehr-historie1.jpg&#8220; title_text=&#8220;wehr-historie1&#8243; align=&#8220;center&#8220; _builder_version=&#8220;4.24.0&#8243; _module_preset=&#8220;default&#8220; global_colors_info=&#8220;{}&#8220;][\/et_pb_image][\/et_pb_column][et_pb_column type=&#8220;3_5&#8243; _builder_version=&#8220;4.24.0&#8243; _module_preset=&#8220;default&#8220; global_colors_info=&#8220;{}&#8220;][et_pb_text _builder_version=&#8220;4.24.0&#8243; _module_preset=&#8220;default&#8220; global_colors_info=&#8220;{}&#8220;]<\/p>\n<h3>1925<\/h3>\n<p>Georg Wehr (geb. 1900 in Langenfeld) gr\u00fcndet zusammen mit seiner Frau Anna Wehr (geb. Hanselmann) in Uffenheim den Viehhandel \u201eGeorg Wehr\u201c. Als zweites Standbein betreiben sie eine Gastwirtschaft.<\/p>\n<h3>1966<\/h3>\n<p>\u00fcbernimmt der Sohn Hans mit seiner Frau Margot Wehr (geb. Schmitt). den Viehhandel. 1963 kommt der Sohn Hans Georg zur Welt.<\/p>\n<p>[\/et_pb_text][\/et_pb_column][\/et_pb_row][et_pb_row column_structure=&#8220;2_5,3_5&#8243; _builder_version=&#8220;4.24.0&#8243; _module_preset=&#8220;default&#8220; custom_padding=&#8220;0px||0px||false|false&#8220; global_colors_info=&#8220;{}&#8220;][et_pb_column type=&#8220;2_5&#8243; _builder_version=&#8220;4.24.0&#8243; _module_preset=&#8220;default&#8220; global_colors_info=&#8220;{}&#8220;][et_pb_image src=&#8220;https:\/\/wehrgmbh.de\/wp-content\/uploads\/2024\/02\/wehr-historie2.jpg&#8220; title_text=&#8220;wehr-historie2&#8243; align=&#8220;center&#8220; _builder_version=&#8220;4.24.0&#8243; _module_preset=&#8220;default&#8220; global_colors_info=&#8220;{}&#8220;][\/et_pb_image][\/et_pb_column][et_pb_column type=&#8220;3_5&#8243; _builder_version=&#8220;4.24.0&#8243; _module_preset=&#8220;default&#8220; global_colors_info=&#8220;{}&#8220;][et_pb_text _builder_version=&#8220;4.24.0&#8243; _module_preset=&#8220;default&#8220; global_colors_info=&#8220;{}&#8220;]<\/p>\n<h3>1978<\/h3>\n<p>mit einer kaufm\u00e4nnischen Lehre als Gro\u00df und Aussenhandelskaufmann im Elterlichen Betrieb, die er 1981 mit erfolgreicher IHK Pr\u00fcfung abschlie\u00dft. Bereits im Alter von 14 Jahren f\u00e4hrt er mit dem Mofa zu den Landwirten und kauft Vieh.<\/p>\n<p>In den kommenden Jahren wird das Gesch\u00e4ft kontinuierlich ausgebaut. Der Kauf von Zucht- und Schlachtvieh bei Landwirten und auf Viehm\u00e4rkten wird zum Kerngesch\u00e4ft. 1989 heiratet Hans Georg Wehr seine Frau Heidi Wehr (geb. F\u00f6rster) die auch aus einer Viehhandelsfamilie stammt. Sie haben drei T\u00f6chter.<\/p>\n<p>[\/et_pb_text][\/et_pb_column][\/et_pb_row][et_pb_row column_structure=&#8220;2_5,3_5&#8243; _builder_version=&#8220;4.24.0&#8243; _module_preset=&#8220;default&#8220; global_colors_info=&#8220;{}&#8220;][et_pb_column type=&#8220;2_5&#8243; _builder_version=&#8220;4.24.0&#8243; _module_preset=&#8220;default&#8220; global_colors_info=&#8220;{}&#8220;][et_pb_image src=&#8220;https:\/\/wehrgmbh.de\/wp-content\/uploads\/2024\/02\/wehr-historie3.jpg&#8220; title_text=&#8220;wehr-historie3&#8243; align=&#8220;center&#8220; _builder_version=&#8220;4.24.0&#8243; _module_preset=&#8220;default&#8220; global_colors_info=&#8220;{}&#8220;][\/et_pb_image][\/et_pb_column][et_pb_column type=&#8220;3_5&#8243; _builder_version=&#8220;4.24.0&#8243; _module_preset=&#8220;default&#8220; global_colors_info=&#8220;{}&#8220;][et_pb_text _builder_version=&#8220;4.24.0&#8243; _module_preset=&#8220;default&#8220; global_colors_info=&#8220;{}&#8220;]<\/p>\n<h3>1992<\/h3>\n<p>wird die \u201eWehr GmbH Nutz- u. Schlachtviehhandlung\u201c gegr\u00fcndet.<\/p>\n<h3>2002<\/h3>\n<p>Hans Georg Wehr wird als alleiniger Gesch\u00e4ftsf\u00fchrer bestellt. Das Gesch\u00e4ft wird erweitert und heute z\u00e4hlen zu dem Viehhandel noch ein Aufzuchtbetrieb und Beratung in landwirtschaftlichen Angelegenheiten.<\/p>\n<h3>Heute<\/h3>\n<p>Neben dem Hauptsitz in Uffenheim werden in einer Betriebsst\u00e4tte in Klieken (Sachsen Anhalt) Jungrinder aufgezogen und veredelt.<br \/>Bei Greifswald werden Deckbullen auf sehr hohem Niveau gez\u00fcchtet. Aus diesen St\u00e4mmen heraus wurden schon einige Deutsche Meistertitel erzielt.<\/p>\n<h3>Und morgen&#8230;<\/h3>\n<p>Durch den Einstieg der j\u00fcngsten Tochter Anne Wehr in das Unternehmen, geht die Viehhandlung Wehr schon in der vierten Generation. Nach der mittleren Reife und einer Lehre als \u201eKauffrau f\u00fcr B\u00fcromanagment\u201c mit erfolgreicher IHK Pr\u00fcfung, absolvierte sie die \u201eBundefachschule f\u00fcr Vieh und Fleisch\u201c. Auch die zweite Berufsausbildung als \u201eGro\u00dfhandelskauffrau f\u00fcr Vieh und Fleisch\u201c hat sie mit einer erfolgreichen IHK Pr\u00fcfung abgeschlossen. Um den Umgang mit Vieh noch besser kennenzulernen, absolvierte sie im Anschluss ein 3-monatiges Praktikum in einem renomierten landwirtschaftlichen Unternehmen. Dar\u00fcberhinaus hat sie in einer Weiterbildung das \u201eKlassifizieren von Rinderh\u00e4lften\u201c gelernt. Heute erg\u00e4nzt Sie als zweite Gesch\u00e4ftsf\u00fchrerin die Leitung des Unternehmens.<\/p>\n<p><strong>Sie sehen wir \u00fcberlassen nichts dem Zufall.<\/strong><\/p>\n<p>[\/et_pb_text][\/et_pb_column][\/et_pb_row][\/et_pb_section][et_pb_section fb_built=&#8220;1&#8243; _builder_version=&#8220;4.24.0&#8243; _module_preset=&#8220;default&#8220; global_colors_info=&#8220;{}&#8220;][et_pb_row _builder_version=&#8220;4.24.0&#8243; _module_preset=&#8220;default&#8220; animation_style=&#8220;zoom&#8220; animation_duration=&#8220;1200ms&#8220; animation_delay=&#8220;300ms&#8220; global_colors_info=&#8220;{}&#8220;][et_pb_column type=&#8220;4_4&#8243; _builder_version=&#8220;4.24.0&#8243; _module_preset=&#8220;default&#8220; global_colors_info=&#8220;{}&#8220;][et_pb_cta title=&#8220;Kontaktieren Sie uns!&#8220; button_text=&#8220;Klicks&#8220; _builder_version=&#8220;4.24.0&#8243; _module_preset=&#8220;default&#8220; body_font_size=&#8220;16px&#8220; background_color=&#8220;gcid-a2310c91-fedf-42f6-95eb-0696ac2eff38&#8243; custom_padding=&#8220;||14px||false|false&#8220; body_font_size_tablet=&#8220;14px&#8220; body_font_size_phone=&#8220;&#8220; body_font_size_last_edited=&#8220;on|phone&#8220; border_radii=&#8220;on|26px|26px|26px|26px&#8220; global_colors_info=&#8220;{%22gcid-a2310c91-fedf-42f6-95eb-0696ac2eff38%22:%91%22background_color%22%93}&#8220;]<\/p>\n<p>Sie sind auf der Suche nach Vieh oder m\u00f6chten Vieh transportieren lassen?<\/p>\n<p>Rufen Sie uns an<\/p>\n<h3>Tel: 09842 404<\/h3>\n<p>oder schicken Sie eine E-Mail an<\/p>\n<h3><a href=\"mailto:info@wehrgmbh.de\">info@wehrgmbh.de<\/a><\/h3>\n<p>Wir melden uns!<\/p>\n<p>[\/et_pb_cta][\/et_pb_column][\/et_pb_row][\/et_pb_section]<\/p>\n","protected":false},"excerpt":{"rendered":"<p>Unternehmen mit Tradition. Wehr Nutz- und Schlachtviehhandel.Nutz- und ZuchtviehSchlachtviehAngeboteAktuelles\u00dcber unsDeutschlandweiter An- und Verkauf, sowie Transport von lebendem Vieh.Unser Fuhrpark.Wir transportieren lebende Tiere und ein hohes Ma\u00df an Sorgfalt beim Transport ist uns ein Anliegen. Unser moderner Fuhrpark ist daf\u00fcr bestens ger\u00fcstet. Wir transportieren artgerecht, gleich ob Einzeltier oder gro\u00dfe St\u00fcckzahlen. Wir planen unsere Touren so, [&hellip;]<\/p>\n","protected":false},"author":2,"featured_media":0,"parent":0,"menu_order":0,"comment_status":"closed","ping_status":"closed","template":"","meta":{"_et_pb_use_builder":"on","_et_pb_old_content":"","_et_gb_content_width":"","footnotes":""},"class_list":["post-171","page","type-page","status-publish","hentry"],"_links":{"self":[{"href":"https:\/\/wehrgmbh.de\/index.php?rest_route=\/wp\/v2\/pages\/171","targetHints":{"allow":["GET"]}}],"collection":[{"href":"https:\/\/wehrgmbh.de\/index.php?rest_route=\/wp\/v2\/pages"}],"about":[{"href":"https:\/\/wehrgmbh.de\/index.php?rest_route=\/wp\/v2\/types\/page"}],"author":[{"embeddable":true,"href":"https:\/\/wehrgmbh.de\/index.php?rest_route=\/wp\/v2\/users\/2"}],"replies":[{"embeddable":true,"href":"https:\/\/wehrgmbh.de\/index.php?rest_route=%2Fwp%2Fv2%2Fcomments&post=171"}],"version-history":[{"count":20,"href":"https:\/\/wehrgmbh.de\/index.php?rest_route=\/wp\/v2\/pages\/171\/revisions"}],"predecessor-version":[{"id":382,"href":"https:\/\/wehrgmbh.de\/index.php?rest_route=\/wp\/v2\/pages\/171\/revisions\/382"}],"wp:attachment":[{"href":"https:\/\/wehrgmbh.de\/index.php?rest_route=%2Fwp%2Fv2%2Fmedia&parent=171"}],"curies":[{"name":"wp","href":"https:\/\/api.w.org\/{rel}","templated":true}]}}